{"id":2006,"date":"2024-06-17T22:58:48","date_gmt":"2024-06-17T22:58:48","guid":{"rendered":"http:\/\/biosensor.facmed.unam.mx\/tab\/?page_id=2006"},"modified":"2024-06-21T18:41:51","modified_gmt":"2024-06-21T18:41:51","slug":"ponentes-2024","status":"publish","type":"page","link":"https:\/\/biosensor.facmed.unam.mx\/tab\/index.php\/ponentes-2024\/","title":{"rendered":"Ponentes 2024"},"content":{"rendered":"<p>[et_pb_section fb_built=&#8221;1&#8243; admin_label=&#8221;Hero&#8221; _builder_version=&#8221;4.16&#8243; use_background_color_gradient=&#8221;on&#8221; background_color_gradient_stops=&#8221;rgba(0,0,0,0.5) 0%|rgba(0,0,0,0) 100%&#8221; background_color_gradient_overlays_image=&#8221;on&#8221; background_color_gradient_start=&#8221;rgba(0,0,0,0.5)&#8221; background_color_gradient_end=&#8221;rgba(0,0,0,0)&#8221; background_image=&#8221;http:\/\/biosensor.facmed.unam.mx\/tab\/wp-content\/uploads\/2021\/03\/cascada-1.jpg&#8221; custom_margin=&#8221;|||&#8221; custom_padding=&#8221;180px||0px|&#8221; bottom_divider_style=&#8221;slant&#8221; bottom_divider_color=&#8221;#ffffff&#8221; bottom_divider_flip=&#8221;horizontal&#8221; animation_style=&#8221;slide&#8221; animation_direction=&#8221;top&#8221; animation_intensity_slide=&#8221;5%&#8221; animation_starting_opacity=&#8221;100%&#8221; global_colors_info=&#8221;{}&#8221;][et_pb_row column_structure=&#8221;3_4,1_4&#8243; _builder_version=&#8221;4.17.4&#8243; background_size=&#8221;initial&#8221; background_position=&#8221;top_left&#8221; background_repeat=&#8221;repeat&#8221; custom_padding=&#8221;0px|0px|0px|0px||&#8221; global_colors_info=&#8221;{}&#8221;][et_pb_column type=&#8221;3_4&#8243; _builder_version=&#8221;4.17.4&#8243; custom_padding=&#8221;|||&#8221; global_colors_info=&#8221;{}&#8221; custom_padding__hover=&#8221;|||&#8221;][et_pb_text admin_label=&#8221;Title&#8221; _builder_version=&#8221;4.25.2&#8243; text_font=&#8221;||||||||&#8221; header_font=&#8221;Montserrat|600|||||||&#8221; header_font_size=&#8221;80px&#8221; header_line_height=&#8221;1.2em&#8221; background_layout=&#8221;dark&#8221; min_height=&#8221;401px&#8221; custom_margin=&#8221;-122px|-347px|-202px|||&#8221; custom_padding=&#8221;0px|||||&#8221; animation_style=&#8221;zoom&#8221; animation_direction=&#8221;left&#8221; animation_intensity_zoom=&#8221;10%&#8221; header_font_size_tablet=&#8221;&#8221; header_font_size_phone=&#8221;72px&#8221; header_font_size_last_edited=&#8221;on|phone&#8221; global_colors_info=&#8221;{}&#8221;]<\/p>\n<h1>Ponentes<\/h1>\n<h1>TAB 2024<\/h1>\n<p>[\/et_pb_text][et_pb_divider color=&#8221;rgba(255,255,255,0.7)&#8221; divider_weight=&#8221;3px&#8221; _builder_version=&#8221;4.16&#8243; max_width=&#8221;120px&#8221; animation_style=&#8221;zoom&#8221; animation_direction=&#8221;left&#8221; global_colors_info=&#8221;{}&#8221;][\/et_pb_divider][et_pb_text _builder_version=&#8221;4.25.2&#8243; text_font=&#8221;Montserrat|300|||||||&#8221; text_font_size=&#8221;20px&#8221; text_line_height=&#8221;1.8em&#8221; background_layout=&#8221;dark&#8221; min_height=&#8221;240px&#8221; animation_style=&#8221;zoom&#8221; animation_direction=&#8221;left&#8221; animation_delay=&#8221;100ms&#8221; animation_intensity_zoom=&#8221;10%&#8221; global_colors_info=&#8221;{}&#8221;]<\/p>\n<p><strong><span id=\"imHeader_imObjectTitle_05_text\">Departamento de Bioqu\u00edmica, Facultad de Medicina, UNAM<\/span><\/strong><\/p>\n<p><strong><span><\/span><\/strong><\/p>\n<p><strong><span>Julio 2024<\/span><\/strong><\/p>\n<p>&nbsp;<\/p>\n<p>[\/et_pb_text][\/et_pb_column][et_pb_column type=&#8221;1_4&#8243; _builder_version=&#8221;4.17.4&#8243; custom_padding=&#8221;|||&#8221; global_colors_info=&#8221;{}&#8221; custom_padding__hover=&#8221;|||&#8221;][\/et_pb_column][\/et_pb_row][\/et_pb_section][et_pb_section fb_built=&#8221;1&#8243; admin_label=&#8221;Section 2 &#8211; Speakers&#8221; _builder_version=&#8221;4.16&#8243; background_color=&#8221;#f5f9fb&#8221; min_height=&#8221;2742.8px&#8221; custom_margin=&#8221;-75px|||||&#8221; custom_padding=&#8221;102px|0px|0px|0px||&#8221; global_colors_info=&#8221;{}&#8221;][et_pb_row _builder_version=&#8221;4.16&#8243; global_colors_info=&#8221;{}&#8221;][et_pb_column type=&#8221;4_4&#8243; _builder_version=&#8221;4.16&#8243; custom_padding=&#8221;|||&#8221; global_colors_info=&#8221;{}&#8221; custom_padding__hover=&#8221;|||&#8221;][et_pb_text admin_label=&#8221;Title&#8221; _builder_version=&#8221;4.25.2&#8243; text_font=&#8221;||||||||&#8221; header_font=&#8221;||||||||&#8221; header_2_font=&#8221;Montserrat|500|||||||&#8221; header_2_text_align=&#8221;center&#8221; header_2_font_size=&#8221;30px&#8221; header_2_line_height=&#8221;1.4em&#8221; animation_style=&#8221;fade&#8221; global_colors_info=&#8221;{}&#8221;]<\/p>\n<h1 style=\"text-align: center;\"><strong><span style=\"color: #800080;\">Ponentes 2024<\/span><\/strong><\/h1>\n<p>[\/et_pb_text][\/et_pb_column][\/et_pb_row][et_pb_row column_structure=&#8221;1_3,2_3&#8243; _builder_version=&#8221;4.16&#8243; global_colors_info=&#8221;{}&#8221;][et_pb_column type=&#8221;1_3&#8243; _builder_version=&#8221;4.16&#8243; global_colors_info=&#8221;{}&#8221;][et_pb_team_member name=&#8221;Dr. Ruy P\u00e9rez Montfort&#8221; position=&#8221;Departamento de Bioqu\u00edmica y Biolog\u00eda Estructural  Instituto de Fisiolog\u00eda Celular, UNAM&#8221; image_url=&#8221;http:\/\/biosensor.facmed.unam.mx\/tab\/wp-content\/uploads\/2024\/06\/ruy.png&#8221; _builder_version=&#8221;4.25.2&#8243; header_font=&#8221;|700|||||||&#8221; custom_margin=&#8221;|-109px||||&#8221; box_shadow_style_image=&#8221;preset2&#8243; global_colors_info=&#8221;{}&#8221;]<\/p>\n<p>Tel\u00e9fono: 55 5622 5657<\/p>\n<p><a href=\"mailto:ruy@ifc.unam.mx\">ruy@ifc.unam.mx<\/a><\/p>\n<p>&nbsp;<\/p>\n<p style=\"text-align: justify;\">[\/et_pb_team_member][\/et_pb_column][et_pb_column type=&#8221;2_3&#8243; _builder_version=&#8221;4.16&#8243; global_colors_info=&#8221;{}&#8221;][et_pb_text _builder_version=&#8221;4.25.2&#8243; text_font=&#8221;Times New Roman||||||||&#8221; custom_padding=&#8221;|||84px||&#8221; global_colors_info=&#8221;{}&#8221;]<\/p>\n<h2 style=\"text-align: center;\"><strong>ChatGPT: Un vistazo personal a esta Inteligencia Artificial<\/strong><\/h2>\n<p style=\"text-align: justify;\">Este art\u00edculo relata mis experiencias personales con ChatGPT desde que fue accesible p\u00fablicamente. Inicialmente ignor\u00e9 su lanzamiento en noviembre de 2022, pero tras leer sobre la herramienta y su prohibici\u00f3n en escuelas de Nueva York, decid\u00ed abrir una cuenta en OpenAI en enero de 2023. Inicialmente us\u00e9 la versi\u00f3n 3.5, y me impresion\u00f3 su capacidad para generar respuestas coherentes sobre diversos temas. Comenc\u00e9, usando <em>prompts<\/em> simples y palabras clave, y m\u00e1s adelante experiment\u00e9 con recetas y estilizaci\u00f3n de textos al estilo de autores famosos. En el art\u00edculo destaco t\u00e9rminos clave de Inteligencia Artificial y menciono limitaciones de ChatGPT-3.5, como errores y &#8220;alucinaciones&#8221;. Tambi\u00e9n describo como encontr\u00e9 valioso el uso de ChatGPT para revisar y corregir textos cient\u00edficos en ingl\u00e9s (y espa\u00f1ol), mejorando significativamente la calidad, la velocidad y la eficiencia del proceso. Para optimizar el uso de esta herramienta sorprendente, tom\u00e9 el curso &#8220;<em>Prompt Engineering for ChatGPT<\/em>&#8221; en la plataforma de Internet \u201cCoursera\u201d, aprendiendo sobre varios patrones de <em>prompts<\/em> como &#8220;Persona&#8221;, &#8220;Receta&#8221; y &#8220;Refinamiento de Preguntas&#8221;. Posteriormente, cuando se lanz\u00f3 ChatGPT-4 y su funci\u00f3n de Interpretador de C\u00f3digo (ahora llamada An\u00e1lisis Avanzado de Datos), explor\u00e9 interacciones m\u00e1s avanzadas. Las experiencias que relato en este art\u00edculo abarcan hasta febrero de 2024. Concluyo con recomendaciones para redactar <em>prompts<\/em> efectivos, incluyendo detalles contextuales, y definiendo claramente la &#8220;persona&#8221; y el tono del lenguaje.<\/p>\n<p style=\"text-align: justify;\">.<\/p>\n<p>[\/et_pb_text][\/et_pb_column][\/et_pb_row][et_pb_row _builder_version=&#8221;4.16&#8243; global_colors_info=&#8221;{}&#8221;][et_pb_column type=&#8221;4_4&#8243; _builder_version=&#8221;4.16&#8243; global_colors_info=&#8221;{}&#8221;][et_pb_divider _builder_version=&#8221;4.16&#8243; global_colors_info=&#8221;{}&#8221;][\/et_pb_divider][\/et_pb_column][\/et_pb_row][et_pb_row column_structure=&#8221;1_2,1_2&#8243; _builder_version=&#8221;4.16&#8243; global_colors_info=&#8221;{}&#8221;][et_pb_column type=&#8221;1_2&#8243; _builder_version=&#8221;4.16&#8243; global_colors_info=&#8221;{}&#8221;][et_pb_text _builder_version=&#8221;4.25.2&#8243; global_colors_info=&#8221;{}&#8221;]<\/p>\n<h2 style=\"text-align: center;\"><strong>De alphafold2 a la medicina de precisi\u00f3n<\/strong><\/h2>\n<p style=\"text-align: justify;\">En el presente ensayo se describen los avances recientes en el dise\u00f1o de prote\u00ednas combinado con la inteligencia artificial (AlphaFold2) que resolvieron uno de los grandes problemas de la ciencia de prote\u00ednas: \u201cla informaci\u00f3n contenida en la secuencia de amino\u00e1cidos determina su estructura y su funci\u00f3n\u201d.\u00a0 Es decir, avances recientes permitieron predecir la estructura tridimensional de una prote\u00edna a partir de su secuencia de amino\u00e1cidos con enorme precisi\u00f3n, comparable a los m\u00e9todos experimentales. Este desarrollo se debi\u00f3 a las redes neurales entrenadas con la informaci\u00f3n proveniente de datos estructurales de prote\u00ednas conocido como PDB (por sus siglas en ingl\u00e9s: protein data bank). Las predicciones estructurales con las redes neurales utilizaron alineamiento de secuencias de amino\u00e1cidos, lo que permiti\u00f3 correlacionar la informaci\u00f3n de coevoluci\u00f3n (secuencias de amino\u00e1cidos) con la informaci\u00f3n estructural contenida en mapas de distancia entre los \u00e1tomos de una prote\u00edna, de tal suerte que a trav\u00e9s de varios ciclos de refinamiento se logr\u00f3 un avance notable en la predicci\u00f3n de estructura. Con esta tecnolog\u00eda se han iniciado una serie de dise\u00f1os de prote\u00ednas con nuevas funciones, o funciones combinadas preexistentes, lo que permitir\u00e1 un sin n\u00famero de aplicaciones basadas en prote\u00ednas \u201cdise\u00f1adas de novo\u201d, es decir aplicaciones con repercusi\u00f3n en la industria qu\u00edmica, farmacol\u00f3gica, sensores de biomarcadores, encaminados al perfeccionamiento del diagn\u00f3stico y de las terapias moleculares para combatir enfermedades.<\/p>\n<p>[\/et_pb_text][\/et_pb_column][et_pb_column type=&#8221;1_2&#8243; _builder_version=&#8221;4.16&#8243; global_colors_info=&#8221;{}&#8221;][et_pb_team_member name=&#8221;Dr. Alejandro Sosa Peinado&#8221; image_url=&#8221;http:\/\/biosensor.facmed.unam.mx\/tab\/wp-content\/uploads\/2024\/06\/alejandro.png&#8221; _builder_version=&#8221;4.25.2&#8243; header_text_align=&#8221;left&#8221; child_mix_blend_mode=&#8221;multiply&#8221; global_colors_info=&#8221;{}&#8221;]<\/p>\n<p style=\"text-align: justify;\">Departamento de Bioqu\u00edmica, Facultad de Medicina, UNAM<\/p>\n<p style=\"text-align: justify;\">tel\u00e9fono 5556232275,<\/p>\n<p style=\"text-align: justify;\"><a href=\"mailto:asosa@bq.unam.mx\">asosa@bq.unam.mx<\/a><\/p>\n<p>[\/et_pb_team_member][\/et_pb_column][\/et_pb_row][et_pb_row _builder_version=&#8221;4.16&#8243; global_colors_info=&#8221;{}&#8221;][et_pb_column type=&#8221;4_4&#8243; _builder_version=&#8221;4.16&#8243; global_colors_info=&#8221;{}&#8221;][et_pb_divider _builder_version=&#8221;4.16&#8243; global_colors_info=&#8221;{}&#8221;][\/et_pb_divider][\/et_pb_column][\/et_pb_row][et_pb_row column_structure=&#8221;1_3,2_3&#8243; _builder_version=&#8221;4.16&#8243; global_colors_info=&#8221;{}&#8221;][et_pb_column type=&#8221;1_3&#8243; _builder_version=&#8221;4.16&#8243; global_colors_info=&#8221;{}&#8221;][et_pb_team_member name=&#8221;Dr. Oscar Flores Herrera&#8221; image_url=&#8221;http:\/\/biosensor.facmed.unam.mx\/tab\/wp-content\/uploads\/2024\/06\/oscar2.png&#8221; _builder_version=&#8221;4.25.2&#8243; header_font=&#8221;|700|||||||&#8221; custom_margin=&#8221;|-109px||||&#8221; hover_enabled=&#8221;0&#8243; box_shadow_style_image=&#8221;preset2&#8243; global_colors_info=&#8221;{}&#8221; title_text=&#8221;oscar2&#8243; sticky_enabled=&#8221;0&#8243;]<\/p>\n<p>Departamento de Bioqu\u00edmica, Facultad de Medicina, UNAM<\/p>\n<p>5556232510<\/p>\n<p><a href=\"mailto:oflores@bq.unam.mx\">oflores@bq.unam.mx<\/a><\/p>\n<h1 style=\"text-align: center;\"><\/h1>\n<p>[\/et_pb_team_member][\/et_pb_column][et_pb_column type=&#8221;2_3&#8243; _builder_version=&#8221;4.16&#8243; global_colors_info=&#8221;{}&#8221;][et_pb_text _builder_version=&#8221;4.25.2&#8243; custom_padding=&#8221;|||84px||&#8221; global_colors_info=&#8221;{}&#8221;]<\/p>\n<h2 style=\"text-align: center;\"><strong>Las mitocondrias, el sexo, las drogas y el rock <\/strong><\/h2>\n<p style=\"text-align: justify;\">Desde sus or\u00edgenes, la mitocondria ha adaptado su forma, n\u00famero y metabolismo a los requerimientos de su c\u00e9lula hu\u00e9sped. Debido a que la mitocondria conserva parte de sus genes ancestrales, y a que su transferencia a la siguiente generaci\u00f3n es exclusivamente por l\u00ednea materna, su comunicaci\u00f3n con el genoma nuclear es influenciada en gran medida por el sistema hormonal. El estr\u00f3geno desempe\u00f1a un papel importante en el mantenimiento mitocondrial, el metabolismo energ\u00e9tico y la producci\u00f3n de especies reactivas de ox\u00edgeno lo que posteriormente repercute en la patolog\u00eda de diversas enfermedades metab\u00f3licas, cardiacas o neuronales. Las enfermedades que involucran a las mitocondrias muestran un claro dimorfismo sexual. Existe la prescripci\u00f3n de diversas drogas terap\u00e9uticas que tienen como blanco a la mitocondria, particularmente su metabolismo respiratorio, la s\u00edntesis de ATP o la replicaci\u00f3n y expresi\u00f3n de su material gen\u00e9tico. Actualmente se ha desarrollado la terapia g\u00e9nica mitocondrial sobre la enfermedad de Neuropat\u00eda \u00d3ptica Hereditaria de Leber (LHON).<\/p>\n<p>[\/et_pb_text][\/et_pb_column][\/et_pb_row][et_pb_row _builder_version=&#8221;4.16&#8243; global_colors_info=&#8221;{}&#8221;][et_pb_column type=&#8221;4_4&#8243; _builder_version=&#8221;4.16&#8243; global_colors_info=&#8221;{}&#8221;][et_pb_divider _builder_version=&#8221;4.16&#8243; global_colors_info=&#8221;{}&#8221;][\/et_pb_divider][\/et_pb_column][\/et_pb_row][et_pb_row column_structure=&#8221;1_3,2_3&#8243; _builder_version=&#8221;4.16&#8243; global_colors_info=&#8221;{}&#8221;][et_pb_column type=&#8221;1_3&#8243; _builder_version=&#8221;4.16&#8243; global_colors_info=&#8221;{}&#8221;][et_pb_team_member name=&#8221;Dra. Jessica Edith Rodr\u00edguez Rodr\u00edguez&#8221; image_url=&#8221;http:\/\/biosensor.facmed.unam.mx\/tab\/wp-content\/uploads\/2024\/06\/jessica.png&#8221; _builder_version=&#8221;4.25.2&#8243; header_font=&#8221;|700|||||||&#8221; custom_margin=&#8221;|-109px||||&#8221; global_colors_info=&#8221;{}&#8221;]<\/p>\n<p>Bioqu\u00edmica Cl\u00ednica, Carrera de Qu\u00edmico Farmac\u00e9utico Bi\u00f3logo, Facultad de Estudios Superiores Zaragoza, UNAM<\/p>\n<p>55 5623 1333 Ext. 39795<\/p>\n<p><a href=\"mailto:jessica.rodriguez@zaragoza.unam.mx\">jessica.rodriguez@zaragoza.unam.mx<\/a><\/p>\n<p>&nbsp;<\/p>\n<h1 style=\"text-align: center;\"><\/h1>\n<p>[\/et_pb_team_member][\/et_pb_column][et_pb_column type=&#8221;2_3&#8243; _builder_version=&#8221;4.16&#8243; global_colors_info=&#8221;{}&#8221;][et_pb_text _builder_version=&#8221;4.25.2&#8243; custom_padding=&#8221;|||84px||&#8221; global_colors_info=&#8221;{}&#8221;]<\/p>\n<h2 style=\"text-align: center;\"><strong>Desde la diabetes hasta la Insuficiencia cardiaca: Los silenciadores de mRNA como alternativa terap\u00e9utica<\/strong><\/h2>\n<p style=\"text-align: justify;\">La diabetes y la hipertensi\u00f3n son comorbilidades que se encuentran de manera frecuente en la poblaci\u00f3n, ambas patolog\u00edas predisponen al riesgo de enfermedad cardiovascular (ECV), que, de manera cr\u00f3nica, producen hipertrofia del ventr\u00edculo izquierdo (HVI) e insuficiencia cardiaca (IC). Aunque existen diversos tratamientos para la prevenci\u00f3n de las ECV, la IC afecta a m\u00e1s de 64 millones de personas en todo el mundo. La diabetes genera hiperglicemia y esta alta concentraci\u00f3n de glucosa en sangre forma enlaces con prote\u00ednas, l\u00edpidos y \u00e1cidos nucleicos para sintetizar productos finales de glicaci\u00f3n avanzada (AGEs) que, al activar a sus receptores (RAGEs), modifica v\u00edas de se\u00f1alizaci\u00f3n generando especies reactivas de ox\u00edgeno (ROS) y estr\u00e9s oxidativo. Las ROS producen da\u00f1o endotelial en los vasos sangu\u00edneos incrementando la presi\u00f3n arterial sist\u00e9mica, as\u00ed tambi\u00e9n, modifica la actividad de sistemas neurohumorales como el sistema renina-angiotensina-aldosterona (SRAA) que, a su vez, produce la hiperactivaci\u00f3n del sistema nervioso simp\u00e1tico (SNS), probablemente a trav\u00e9s de estimular el adrenoreceptor a<sub>1D<\/sub> (a<sub>1D<\/sub>-AR), un receptor involucrado de manera importante en el desarrollo de la hipertensi\u00f3n, HVI y la IC. El antagonismo del a<sub>1D<\/sub>-AR con el f\u00e1rmaco BMY 7378, en ratas espont\u00e1neamente hipertensas (SHR), de edad avanzada y con IC, produjo la reversi\u00f3n de la HVI y mejor\u00f3 la funci\u00f3n cardiaca; por lo que este receptor representa un blanco terap\u00e9utico novedoso para el tratamiento de las ECV. En este art\u00edculo describimos algunas de las rutas metab\u00f3licas que se modifican por la diabetes y su conexi\u00f3n con la hipertensi\u00f3n e IC, a trav\u00e9s del incremento en la actividad del a<sub>1D<\/sub>-AR. Adem\u00e1s, proponemos el uso de silenciadores de RNAm como alternativa terap\u00e9utica, una herramienta diferente a las que se utilizan en la actualidad, para el tratamiento de las complicaciones cardiovasculares.<\/p>\n<h1 style=\"text-align: center;\"><\/h1>\n<p>[\/et_pb_text][\/et_pb_column][\/et_pb_row][\/et_pb_section][et_pb_section fb_built=&#8221;1&#8243; _builder_version=&#8221;4.16&#8243; min_height=&#8221;107px&#8221; custom_margin=&#8221;||-55px|||&#8221; global_colors_info=&#8221;{}&#8221;][et_pb_row _builder_version=&#8221;4.16&#8243; global_colors_info=&#8221;{}&#8221;][et_pb_column type=&#8221;4_4&#8243; _builder_version=&#8221;4.16&#8243; global_colors_info=&#8221;{}&#8221;][et_pb_divider _builder_version=&#8221;4.16&#8243; global_colors_info=&#8221;{}&#8221;][\/et_pb_divider][\/et_pb_column][\/et_pb_row][et_pb_row column_structure=&#8221;1_2,1_2&#8243; _builder_version=&#8221;4.16&#8243; global_colors_info=&#8221;{}&#8221;][et_pb_column type=&#8221;1_2&#8243; _builder_version=&#8221;4.16&#8243; global_colors_info=&#8221;{}&#8221;][et_pb_text _builder_version=&#8221;4.25.2&#8243; global_colors_info=&#8221;{}&#8221;]<\/p>\n<h2 style=\"text-align: center;\"><strong>Enfermedades Cr\u00f3nicas No Transmisibles y COVID-19 en M\u00e9xico: un enfoque desde la vigilancia epidemiol\u00f3gica<\/strong><\/h2>\n<p style=\"text-align: justify;\">En M\u00e9xico, la pandemia de COVID-19 ha tenido un impacto significativo en la salud p\u00fablica y ha puesto de relieve la interrelaci\u00f3n entre el virus SARS-CoV-2, las enfermedades cr\u00f3nicas no transmisibles y la respuesta inmunitaria ante una enfermedad emergente. Desde el inicio de la pandemia en 2020, nuestro pa\u00eds ha experimentado m\u00faltiples oleadas de casos de COVID-19, cada una con su propio conjunto de desaf\u00edos y consecuencias. Durante estas oleadas, se ha observado un aumento significativo en el n\u00famero de casos y muertes relacionadas con COVID-19, especialmente durante la segunda y tercera olas, que ejercieron una presi\u00f3n considerable sobre el sistema de salud mexicano. Se ha demostrado que una respuesta inmunitaria excesiva o desregulada puede contribuir a complicaciones graves de COVID-19, especialmente en individuos con enfermedades cr\u00f3nicas no transmisibles preexistentes como la diabetes, la hipertensi\u00f3n arterial sist\u00e9mica, el sobrepeso y la obesidad; estas condiciones subyacentes no solo aumentan el riesgo de complicaciones graves, sino que tambi\u00e9n pueden afectar la capacidad del cuerpo para combatir la infecci\u00f3n viral, lo que lleva a una mayor susceptibilidad y peores desenlaces cl\u00ednicos. Adem\u00e1s, la pandemia de COVID-19 ha tenido un impacto significativo en el control y la atenci\u00f3n de las enfermedades cr\u00f3nicas no transmisibles en M\u00e9xico. La interrupci\u00f3n de los servicios de salud no relacionados con COVID-19, la falta de acceso a medicamentos y la disminuci\u00f3n de la actividad f\u00edsica debido a las medidas de distanciamiento social han contribuido a un deterioro en el control de las enfermedades cr\u00f3nicas no transmisibles en muchas personas. Adem\u00e1s, la situaci\u00f3n econ\u00f3mica ha exacerbado las desigualdades socioecon\u00f3micas en el control de las enfermedades cr\u00f3nicas no transmisibles, con un impacto desproporcionado en las comunidades marginadas y vulnerables.\u00a0 La pandemia de COVID-19 ha destacado la interconexi\u00f3n entre el SARS-CoV-2, las enfermedades cr\u00f3nicas no transmisibles y la respuesta inmunitaria del cuerpo en M\u00e9xico. Comprender esta relaci\u00f3n es fundamental para identificar a los pacientes con mayor riesgo de complicaciones graves y desarrollar estrategias de prevenci\u00f3n y tratamiento efectivas. Adem\u00e1s, es necesario abordar las disparidades socioecon\u00f3micas y mejorar el acceso a la atenci\u00f3n m\u00e9dica para garantizar una respuesta integral y equitativa a la pandemia y sus efectos en la salud p\u00fablica.\u00a0 El objetivo de este an\u00e1lisis es describir la relaci\u00f3n entre las enfermedades cr\u00f3nicas no transmisibles con la hospitalizaci\u00f3n, desenlaces cl\u00ednicos graves y la defunci\u00f3n por COVID-19 en los casos confirmados en poblaci\u00f3n mexicana, comparando las tres primeras olas epidemiol\u00f3gicas de la pandemia. Se realiz\u00f3 una revisi\u00f3n general sobre la interacci\u00f3n entre enfermedades cr\u00f3nicas no transmisibles y su papel en la respuesta inmunitaria a la infecci\u00f3n por SARS-CoV-2 desde la perspectiva de la salud p\u00fablica.<\/p>\n<h1 style=\"text-align: center;\"><\/h1>\n<p>[\/et_pb_text][\/et_pb_column][et_pb_column type=&#8221;1_2&#8243; _builder_version=&#8221;4.16&#8243; global_colors_info=&#8221;{}&#8221;][et_pb_team_member name=&#8221;Dr. Pablo Francisco Oliva S\u00e1nchez&#8221; image_url=&#8221;http:\/\/biosensor.facmed.unam.mx\/tab\/wp-content\/uploads\/2024\/06\/pablo.png&#8221; _builder_version=&#8221;4.25.2&#8243; header_text_align=&#8221;left&#8221; global_colors_info=&#8221;{}&#8221;]<\/p>\n<p>Unidad de Vinculaci\u00f3n Cient\u00edfica Facultad de Medicina, Instituto Nacional de Medicina Gen\u00f3mica.<\/p>\n<p>Divisi\u00f3n de Ciencias Biol\u00f3gicas y de la Salud, Departamento de Atenci\u00f3n a la Salud,\u00a0 Universidad Aut\u00f3noma Metropolitana<\/p>\n<p>55 5350-1900 ext.1124<\/p>\n<p><a href=\"mailto:pfoliva@inmegen.gob.mx\">pfoliva@inmegen.gob.mx<\/a><\/p>\n<p>&nbsp;<\/p>\n<p>[\/et_pb_team_member][\/et_pb_column][\/et_pb_row][et_pb_row _builder_version=&#8221;4.16&#8243; global_colors_info=&#8221;{}&#8221;][et_pb_column type=&#8221;4_4&#8243; _builder_version=&#8221;4.16&#8243; global_colors_info=&#8221;{}&#8221;][et_pb_divider _builder_version=&#8221;4.16&#8243; global_colors_info=&#8221;{}&#8221;][\/et_pb_divider][\/et_pb_column][\/et_pb_row][et_pb_row column_structure=&#8221;1_3,2_3&#8243; _builder_version=&#8221;4.16&#8243; global_colors_info=&#8221;{}&#8221;][et_pb_column type=&#8221;1_3&#8243; _builder_version=&#8221;4.16&#8243; global_colors_info=&#8221;{}&#8221;][et_pb_team_member name=&#8221;Dra. Rosa Mar\u00eda Wong Chew&#8221; image_url=&#8221;http:\/\/biosensor.facmed.unam.mx\/tab\/wp-content\/uploads\/2024\/06\/rosa.png&#8221; _builder_version=&#8221;4.25.2&#8243; header_font=&#8221;|700|||||||&#8221; custom_margin=&#8221;|-109px||||&#8221; global_colors_info=&#8221;{}&#8221;]<\/p>\n<p>Laboratorio de investigaci\u00f3n en enfermedades infecciosas, Divisi\u00f3n de investigaci\u00f3n. Facultad de Medicina, UNAM.<\/p>\n<p>55 56232300 ext 45018<\/p>\n<p><a href=\"mailto:rmwong@unam.mx\"> rmwong@unam.mx<\/a><\/p>\n<p>&nbsp;<\/p>\n<h1 style=\"text-align: center;\"><\/h1>\n<p>[\/et_pb_team_member][\/et_pb_column][et_pb_column type=&#8221;2_3&#8243; _builder_version=&#8221;4.16&#8243; global_colors_info=&#8221;{}&#8221;][et_pb_text _builder_version=&#8221;4.25.2&#8243; custom_padding=&#8221;|||84px||&#8221; global_colors_info=&#8221;{}&#8221;]<\/p>\n<h2 style=\"text-align: center;\"><strong>Actualidades sobre COVID 19<\/strong><\/h2>\n<p style=\"text-align: justify;\">Para febrero del 2024, la OMS report\u00f3 un total acumulado de 774 millones 500 mil casos confirmados de COVID-19 y 7 millones de muertes. En M\u00e9xico, se reportan 7.7 millones de casos y 334 mil muertes. Durante la replicaci\u00f3n del virus, se producen mutaciones con facilidad y entre m\u00e1s casos haya m\u00e1s posibilidades hay de que se presenten mutaciones, debido a la alta tasa de replicaci\u00f3n que ocurre durante la transmisi\u00f3n del virus de persona a persona. Desde febrero 2020 hasta mayo 2023, se reportan 6 variantes dominantes durante la pandemia en M\u00e9xico: la original de Wuhan, B.1.1.519, delta, \u00f3micron, BA4\/BA5 y XBB.1.5. En enero y febrero 2024 las variantes que circularon con mayor frecuencia corresponden a 23A (XBB.1.5), 23B (XBB.1.1.6) y 23F (EG.5.1). Se han desarrollado vacunas a partir de virus atenuado o inactivado, de vectores virales replicativos o no replicativos, de material gen\u00e9tico (ARN o ADN), y de prote\u00ednas (subunidades proteicas o part\u00edculas similares al virus). Las vacunas bivalentes desarrolladas por Pfizer y Moderna que conten\u00edan RNA mensajero del virus de la cepa original del virus del SARS-CoV-2 y de la variante \u00f3micron linajes BA.4\/BA.5 fueron autorizadas por la FDA en agosto de 2022, aplic\u00e1ndolas como refuerzo. Para el 13 de mayo del 2023, la OMS recomend\u00f3 que las nuevas formulaciones deber\u00e1n contener XXB.1.5 monovalente, quitando el virus original en futuras formulaciones de vacunas COVID-19. Las vacunas han tenido un papel muy importante en evitar casos graves y muerte, pero los brotes y casos de nuevas variantes de Omicron contin\u00faan. Las vacunas bivalentes y monovalente XBB.1.5 han demostrado efectividad en evitar hospitalizaci\u00f3n y muerte por las nuevas variantes. Dado que el SARS-CoV-2 persiste con la posibilidad de mutar, la inmunidad h\u00edbrida y la actualizaci\u00f3n de las vacunas a las variantes circulantes son clave para poder combatir la enfermedad.<\/p>\n<h1 style=\"text-align: center;\"><\/h1>\n<p>[\/et_pb_text][\/et_pb_column][\/et_pb_row][et_pb_row _builder_version=&#8221;4.16&#8243; global_colors_info=&#8221;{}&#8221;][et_pb_column type=&#8221;4_4&#8243; _builder_version=&#8221;4.16&#8243; global_colors_info=&#8221;{}&#8221;][et_pb_divider _builder_version=&#8221;4.16&#8243; global_colors_info=&#8221;{}&#8221;][\/et_pb_divider][\/et_pb_column][\/et_pb_row][\/et_pb_section][et_pb_section fb_built=&#8221;1&#8243; _builder_version=&#8221;4.16&#8243; min_height=&#8221;107px&#8221; custom_margin=&#8221;||-55px|||&#8221; global_colors_info=&#8221;{}&#8221;][et_pb_row column_structure=&#8221;1_2,1_2&#8243; _builder_version=&#8221;4.16&#8243; global_colors_info=&#8221;{}&#8221;][et_pb_column type=&#8221;1_2&#8243; _builder_version=&#8221;4.16&#8243; global_colors_info=&#8221;{}&#8221;][et_pb_text _builder_version=&#8221;4.25.2&#8243; global_colors_info=&#8221;{}&#8221;]<\/p>\n<h2 style=\"text-align: center;\"><strong>El metabolismo energ\u00e9tico como blanco farmacol\u00f3gico en la cardioprotecci\u00f3n<\/strong><\/h2>\n<p style=\"text-align: justify;\">Las enfermedades cardiovasculares (ECV) son las principales causas de muerte en el mundo, de manera particular la isquemia mioc\u00e1rdica. El coraz\u00f3n se considera un \u00f3rgano omn\u00edvoro pues, para mantener su trabajo mec\u00e1nico continuo y dependiendo de la situaci\u00f3n, es capaz de metabolizar diferentes sustratos mediante rutas enzim\u00e1ticas finamente reguladas. En condiciones fisiol\u00f3gicas, el coraz\u00f3n de un adulto obtiene energ\u00eda al oxidar \u00e1cidos grasos; sin embargo, cuando se reduce el flujo sangu\u00edneo (isquemia), se producen alteraciones en el metabolismo energ\u00e9tico donde el coraz\u00f3n prefiere metabolizar glucosa y cuerpos cet\u00f3nicos como un mecanismo protector que le permite producir ATP y preservar as\u00ed la funci\u00f3n contr\u00e1ctil. No obstante, esta modificaci\u00f3n en el uso de sustratos conduce a una serie de alteraciones morfol\u00f3gicas y fisiol\u00f3gicas (da\u00f1o mitocondrial, estr\u00e9s oxidativo, remodelaci\u00f3n estructural e inflamaci\u00f3n) que finalmente hacen que el da\u00f1o a este \u00f3rgano sea mayor. El empleo de agentes farmacol\u00f3gicos que mejoren el metabolismo energ\u00e9tico es una opci\u00f3n eficaz para aumentar la capacidad funcional card\u00edaca y la prognosis de pacientes con ECV. Por lo tanto, el presente trabajo pretende describir el metabolismo energ\u00e9tico card\u00edaco y sus factores relacionados, as\u00ed como resumir algunas de las propuestas terap\u00e9uticas que est\u00e1n dirigidas a este objetivo.<\/p>\n<h1 style=\"text-align: center;\"><\/h1>\n<p>[\/et_pb_text][\/et_pb_column][et_pb_column type=&#8221;1_2&#8243; _builder_version=&#8221;4.16&#8243; global_colors_info=&#8221;{}&#8221;][et_pb_team_member name=&#8221; Dra.  Mar\u00eda Esther Rubio Ruiz&#8221; image_url=&#8221;http:\/\/biosensor.facmed.unam.mx\/tab\/wp-content\/uploads\/2024\/06\/esther.png&#8221; _builder_version=&#8221;4.25.2&#8243; header_text_align=&#8221;left&#8221; global_colors_info=&#8221;{}&#8221;]<\/p>\n<p>Departamento de Fisiolog\u00eda, Instituto Nacional de Cardiolog\u00eda \u201cIgnacio Ch\u00e1vez\u201d.<\/p>\n<p>55 5573 2911, Ext. 25400<\/p>\n<p><a href=\"mailto:esther_rubio_ruiz@yahoo.com\">esther_rubio_ruiz@yahoo.com<\/a><\/p>\n<p>&nbsp;<\/p>\n<p>[\/et_pb_team_member][\/et_pb_column][\/et_pb_row][et_pb_row _builder_version=&#8221;4.16&#8243; global_colors_info=&#8221;{}&#8221;][et_pb_column type=&#8221;4_4&#8243; _builder_version=&#8221;4.16&#8243; global_colors_info=&#8221;{}&#8221;][et_pb_divider _builder_version=&#8221;4.16&#8243; global_colors_info=&#8221;{}&#8221;][\/et_pb_divider][\/et_pb_column][\/et_pb_row][\/et_pb_section][et_pb_section fb_built=&#8221;1&#8243; _builder_version=&#8221;4.16&#8243; min_height=&#8221;107px&#8221; custom_margin=&#8221;||-55px|||&#8221; global_colors_info=&#8221;{}&#8221;][et_pb_row column_structure=&#8221;1_2,1_2&#8243; _builder_version=&#8221;4.16&#8243; global_colors_info=&#8221;{}&#8221;][et_pb_column type=&#8221;1_2&#8243; _builder_version=&#8221;4.21.0&#8243; _module_preset=&#8221;default&#8221; global_colors_info=&#8221;{}&#8221;][et_pb_team_member name=&#8221;Dr. Juan Gabriel Ju\u00e1rez-Rojas &#8221; image_url=&#8221;http:\/\/biosensor.facmed.unam.mx\/tab\/wp-content\/uploads\/2024\/06\/juan.png&#8221; _builder_version=&#8221;4.25.2&#8243; header_text_align=&#8221;left&#8221; global_colors_info=&#8221;{}&#8221;]<\/p>\n<p>Departamento de Farmacolog\u00eda, Instituto Nacional de Cardiolog\u00eda Ignacio Ch\u00e1vez. +52 (55) 5573 2911, Ext. 25603.<\/p>\n<p><a href=\"mailto:gaboyk2@gmail.com\">gaboyk2@gmail.com<\/a><\/p>\n<p>&nbsp;<\/p>\n<h1 style=\"text-align: center;\"><\/h1>\n<p>[\/et_pb_team_member][\/et_pb_column][et_pb_column type=&#8221;1_2&#8243; _builder_version=&#8221;4.16&#8243; global_colors_info=&#8221;{}&#8221;][et_pb_text _builder_version=&#8221;4.25.2&#8243; global_colors_info=&#8221;{}&#8221;]<\/p>\n<h2 style=\"text-align: center;\"><strong>El tejido adiposo: M\u00e1s all\u00e1 del almacenamiento de energ\u00eda<\/strong><\/h2>\n<p style=\"text-align: justify;\">Aunque los avances tecnol\u00f3gicos y m\u00e9dicos han duplicado la esperanza de vida de las personas, en la actualidad estamos observando un declive en pa\u00edses en donde el estilo de vida se caracteriza por actividad f\u00edsica reducida y h\u00e1bitos diet\u00e9ticos inadecuados. Lo anterior es causado por el incremento sostenido en la prevalencia de enfermedades cr\u00f3nicas degenerativas, asociadas al sobrepeso y obesidad. Sin embargo, no todas las personas con obesidad presentan alteraciones metab\u00f3licas e incluso hay personas normopeso con enfermedades asociadas a la obesidad. Adem\u00e1s de su funci\u00f3n como almac\u00e9n de energ\u00eda, el tejido adiposo participa activamente en la regulaci\u00f3n del metabolismo energ\u00e9tico, mediante la liberaci\u00f3n de hormonas y citocinas llamadas adipocinas. Estas adipocinas tambi\u00e9n modulan la actividad de las c\u00e9lulas del sistema inmunitario, regulando la magnitud, duraci\u00f3n y resoluci\u00f3n de la respuesta inmune. Debido a esto, se ha sugerido que los fenotipos de adiposidad metab\u00f3licamente no sanan son causados principalmente por la disfunci\u00f3n de este tejido y su impacto negativo sobre otros \u00f3rganos, pero no necesariamente por su masa total. Por lo anterior, resulta importante la identificaci\u00f3n temprana de la disfunci\u00f3n del tejido adiposo, para evitar el desarrollo de complicaciones cr\u00f3nicas. El presente trabajo discute la utilidad del \u00edndice adiposidad disfuncional o DAI, como una herramienta para la identificaci\u00f3n de sujetos con funci\u00f3n alterada de este tejido y, por ende, con alto riesgo de desarrollar enfermedades cr\u00f3nicas degenerativas. La implementaci\u00f3n del DAI en la pr\u00e1ctica cl\u00ednica cotidiana podr\u00eda ayudar a crear estrategias que promueven cambios conductuales enfocados a mejorar la calidad de vida de las personas, con objeto de revertir la alarmante carga en gastos y atenci\u00f3n de salud que se observa en la actualidad.<\/p>\n<h1 style=\"text-align: center;\"><\/h1>\n<p>[\/et_pb_text][\/et_pb_column][\/et_pb_row][et_pb_row _builder_version=&#8221;4.16&#8243; global_colors_info=&#8221;{}&#8221;][et_pb_column type=&#8221;4_4&#8243; _builder_version=&#8221;4.16&#8243; global_colors_info=&#8221;{}&#8221;][et_pb_divider _builder_version=&#8221;4.16&#8243; global_colors_info=&#8221;{}&#8221;][\/et_pb_divider][\/et_pb_column][\/et_pb_row][\/et_pb_section][et_pb_section fb_built=&#8221;1&#8243; _builder_version=&#8221;4.16&#8243; min_height=&#8221;107px&#8221; custom_margin=&#8221;||-55px|||&#8221; global_colors_info=&#8221;{}&#8221;][et_pb_row column_structure=&#8221;1_2,1_2&#8243; _builder_version=&#8221;4.16&#8243; global_colors_info=&#8221;{}&#8221;][et_pb_column type=&#8221;1_2&#8243; _builder_version=&#8221;4.16&#8243; global_colors_info=&#8221;{}&#8221;][et_pb_text _builder_version=&#8221;4.25.2&#8243; global_colors_info=&#8221;{}&#8221;]<\/p>\n<h2 style=\"text-align: center;\"><strong>Transformando al sistema renina angiotensina en un aliado en la diabetes<\/strong><\/h2>\n<p style=\"text-align: justify;\">La diabetes es una enfermedad cr\u00f3nica con un impacto significativo en la salud cardiovascular y metab\u00f3lica de los pacientes. El sistema renina-angiotensina (SRA) participa en la patog\u00e9nesis de la diabetes, espec\u00edficamente en la resistencia a la insulina y las complicaciones cardiovasculares, metab\u00f3licas y trastornos mentales. Esta revisi\u00f3n se centra en c\u00f3mo el ejercicio puede modular el SRA y transformarlo en un aliado en el manejo de la diabetes y sus m\u00faltiples complicaciones. Se analiza la interacci\u00f3n entre el ejercicio y el SRA, destacando c\u00f3mo la regulaci\u00f3n de este sistema mediante el ejercicio puede prevenir y\/o revertir la resistencia a la insulina. La inhibici\u00f3n del SRA cl\u00e1sico con inhibidores de la enzima convertidora de angiotensina (IECAs) o antagonistas de los receptores tipo1 a angiotensina II (ARAs), junto con la activaci\u00f3n del eje contra-regulador ECA2\/Ang-(1-7) \/Mas, mejora la sensibilidad a la insulina, y disminuye la incidencia de complicaciones vasculares, metab\u00f3licas y mentales. Se enfatiza la importancia de un enfoque integral que considere tanto la salud f\u00edsica como la salud mental en la diabetes. Los hallazgos sugieren que el ejercicio f\u00edsico debe ser un componente central en la prevenci\u00f3n y el manejo de la resistencia a la insulina y la diabetes, no solo por su impacto en el perfil gluc\u00e9mico y lip\u00eddico, sino tambi\u00e9n por su influencia en la regulaci\u00f3n del SRA. Este trabajo subraya la necesidad de comprender la interacci\u00f3n entre el ejercicio, el SRA y la resistencia a la insulina para optimizar el tratamiento de la diabetes y mejorar la calidad de vida de los pacientes.<\/p>\n<h1 style=\"text-align: center;\"><\/h1>\n<p>[\/et_pb_text][\/et_pb_column][et_pb_column type=&#8221;1_2&#8243; _builder_version=&#8221;4.16&#8243; global_colors_info=&#8221;{}&#8221;][et_pb_team_member name=&#8221;Dra. Itzell A. Gallardo Ort\u00edz&#8221; image_url=&#8221;http:\/\/biosensor.facmed.unam.mx\/tab\/wp-content\/uploads\/2024\/06\/itzell.png&#8221; _builder_version=&#8221;4.25.2&#8243; header_text_align=&#8221;left&#8221; global_colors_info=&#8221;{}&#8221;]<\/p>\n<p>Unidad de Investigaci\u00f3n en Biomedicina, Carrera de Enfermer\u00eda, Facultad de Estudios Superiores Iztacala, UNAM.<\/p>\n<p>555623-1333, Ext. 39795;<\/p>\n<p><a href=\"mailto:igallardo@comunidad.unam.mx\">igallardo@comunidad.unam.mx<\/a>; <a href=\"mailto:itzellg@gmail.com\">itzellg@gmail.com<\/a><\/p>\n<p>&nbsp;<\/p>\n<p>[\/et_pb_team_member][\/et_pb_column][\/et_pb_row][et_pb_row _builder_version=&#8221;4.16&#8243; global_colors_info=&#8221;{}&#8221;][et_pb_column type=&#8221;4_4&#8243; _builder_version=&#8221;4.16&#8243; global_colors_info=&#8221;{}&#8221;][et_pb_divider _builder_version=&#8221;4.16&#8243; global_colors_info=&#8221;{}&#8221;][\/et_pb_divider][\/et_pb_column][\/et_pb_row][\/et_pb_section][et_pb_section fb_built=&#8221;1&#8243; _builder_version=&#8221;4.16&#8243; min_height=&#8221;107px&#8221; custom_margin=&#8221;||-55px|||&#8221; global_colors_info=&#8221;{}&#8221;][et_pb_row column_structure=&#8221;1_2,1_2&#8243; _builder_version=&#8221;4.16&#8243; global_colors_info=&#8221;{}&#8221;][et_pb_column type=&#8221;1_2&#8243; _builder_version=&#8221;4.21.0&#8243; _module_preset=&#8221;default&#8221; global_colors_info=&#8221;{}&#8221;][et_pb_team_member name=&#8221;Dra. Magali Espinosa Castilla&#8221; image_url=&#8221;http:\/\/biosensor.facmed.unam.mx\/tab\/wp-content\/uploads\/2024\/06\/magali.png&#8221; _builder_version=&#8221;4.25.2&#8243; header_text_align=&#8221;left&#8221; global_colors_info=&#8221;{}&#8221;]<\/p>\n<p>Laboratorio Gen\u00f3mica Funcional del C\u00e1ncer<\/p>\n<p>Instituto Nacional de Medicina Gen\u00f3mica<\/p>\n<p>5553501900 ext.1967<\/p>\n<p><a href=\"mailto:mespinosa@inmegen.gob.mx\">mespinosa@inmegen.gob.mx<\/a><\/p>\n<p>[\/et_pb_team_member][\/et_pb_column][et_pb_column type=&#8221;1_2&#8243; _builder_version=&#8221;4.16&#8243; global_colors_info=&#8221;{}&#8221;][et_pb_text _builder_version=&#8221;4.25.2&#8243; custom_padding=&#8221;|||0px||&#8221; global_colors_info=&#8221;{}&#8221;]<\/p>\n<h2 style=\"text-align: center;\"><strong>Creando tumores en el laboratorio<\/strong><\/h2>\n<p style=\"text-align: justify;\">El c\u00e1ncer es un grupo de enfermedades que se caracterizan por el crecimiento y la proliferaci\u00f3n descontrolada de c\u00e9lulas anormales. Estos cambios en las c\u00e9lulas les permiten crecer, formar tumores, invadir y metastatizar a otros sitios del cuerpo. Adem\u00e1s de los cambios en las c\u00e9lulas, el microambiente tumoral tambi\u00e9n tiene un papel importante en el comportamiento del tumor, lo que hace al estudio del c\u00e1ncer un tema desafiante. Algunos de los modelos que utilizamos para \u201ccrear tumores en el laboratorio\u201d, son los esferoides tumorales multicelulares y la microinyecci\u00f3n en el pez cebra. Los esferoides son un modelo in vitro que recrea a los tumores en sus etapas iniciales, y la microinyecci\u00f3n de c\u00e9lulas de c\u00e1ncer en el pez cebra nos proporciona un entorno in vivo para analizar su comportamiento. De esta manera los modelos in vitro e in vivo nos permiten estudiar las relaciones entre las c\u00e9lulas y las relaciones de estas con su ambiente, para as\u00ed, proponer opciones de tratamientos m\u00e1s dirigidos y seguros, y contribuir en el pron\u00f3stico y\/o diagn\u00f3stico del c\u00e1ncer.<\/p>\n<p>&nbsp;<\/p>\n<h2 style=\"text-align: center;\"><\/h2>\n<p>[\/et_pb_text][\/et_pb_column][\/et_pb_row][et_pb_row _builder_version=&#8221;4.16&#8243; global_colors_info=&#8221;{}&#8221;][et_pb_column type=&#8221;4_4&#8243; _builder_version=&#8221;4.16&#8243; global_colors_info=&#8221;{}&#8221;][et_pb_divider _builder_version=&#8221;4.16&#8243; global_colors_info=&#8221;{}&#8221;][\/et_pb_divider][\/et_pb_column][\/et_pb_row][\/et_pb_section][et_pb_section fb_built=&#8221;1&#8243; _builder_version=&#8221;4.16&#8243; min_height=&#8221;107px&#8221; custom_margin=&#8221;||-55px|||&#8221; global_colors_info=&#8221;{}&#8221;][et_pb_row column_structure=&#8221;1_2,1_2&#8243; _builder_version=&#8221;4.16&#8243; global_colors_info=&#8221;{}&#8221;][et_pb_column type=&#8221;1_2&#8243; _builder_version=&#8221;4.16&#8243; global_colors_info=&#8221;{}&#8221;][et_pb_text _builder_version=&#8221;4.25.2&#8243; global_colors_info=&#8221;{}&#8221;]<\/p>\n<h2 style=\"text-align: center;\"><strong>Heterogeneidad tumoral en c\u00e1ncer de mama: implicaciones en met\u00e1stasis y tratamiento <\/strong><\/h2>\n<p style=\"text-align: justify;\">Estudios recientes de tumores de c\u00e1ncer de mama han revelado una amplia variaci\u00f3n gen\u00e9tica y no gen\u00e9tica en diferentes regiones geogr\u00e1ficas de un tumor o en diferentes etapas de la progresi\u00f3n del tumor, por ejemplo, durante la generaci\u00f3n de met\u00e1stasis. Esta diversidad celular es lo que se conoce como heterogeneidad intratumoral. Varias causas contribuyen a este fen\u00f3meno, incluida la inestabilidad gen\u00f3mica, alteraciones epigen\u00e9ticas, expresi\u00f3n g\u00e9nica aberrante, transducci\u00f3n de se\u00f1ales y las diferencias en el microambiente tumoral. Estas variaciones de c\u00e9lula a c\u00e9lula se reconocen en casi todos los tipos de c\u00e1ncer. Sin embargo, las terapias actuales tratan el c\u00e1ncer como una enfermedad homog\u00e9nea. Se han desarrollado f\u00e1rmacos dirigidos contra firmas moleculares aberrantes \u00fanicas o m\u00faltiples bas\u00e1ndose en el diagn\u00f3stico de poblaciones mixtas de c\u00e9lulas cancerosas, en la mayor\u00eda de los casos bas\u00e1ndose en una sola biopsia. Por tanto, es de esperar que la resistencia a los medicamentos, tanto intr\u00ednseca como adaptativa, se produzca tarde o temprano de forma generalizada en todos los tipos de c\u00e1ncer. Comprender las fuerzas impulsoras espec\u00edficas detr\u00e1s de los diferentes subtipos de heterogeneidad intratumoral facilitar\u00e1 una mejor comprensi\u00f3n de la naturaleza del c\u00e1ncer y proporcionar\u00e1 informaci\u00f3n sobre el desarrollo de terapias contra el c\u00e1ncer m\u00e1s efectivas.<\/p>\n<p>&nbsp;<\/p>\n<h2 style=\"text-align: center;\"><\/h2>\n<p>[\/et_pb_text][\/et_pb_column][et_pb_column type=&#8221;1_2&#8243; _builder_version=&#8221;4.16&#8243; global_colors_info=&#8221;{}&#8221;][et_pb_team_member name=&#8221;Dr. Jos\u00e9 Esparza-L\u00f3pez&#8221; image_url=&#8221;http:\/\/biosensor.facmed.unam.mx\/tab\/wp-content\/uploads\/2024\/06\/jose.png&#8221; _builder_version=&#8221;4.25.2&#8243; header_text_align=&#8221;left&#8221; global_colors_info=&#8221;{}&#8221;]<\/p>\n<p>Unidad de Bioqu\u00edmica \u00a8Guillermo Sober\u00f3n Acevedo\u00a8, Instituto Nacional de Ciencias M\u00e9dicas y Nutrici\u00f3n \u00a8Salvador Zubir\u00e1n\u00a8<\/p>\n<p>555487-0900 ext.2606<\/p>\n<p><a href=\"mailto:jose.esparzal@incmnsz.mx\">jose.esparzal@incmnsz.mx<\/a>\u00a0<\/p>\n<p>&nbsp;<\/p>\n<p>[\/et_pb_team_member][\/et_pb_column][\/et_pb_row][et_pb_row _builder_version=&#8221;4.16&#8243; global_colors_info=&#8221;{}&#8221;][et_pb_column type=&#8221;4_4&#8243; _builder_version=&#8221;4.16&#8243; global_colors_info=&#8221;{}&#8221;][et_pb_divider _builder_version=&#8221;4.16&#8243; global_colors_info=&#8221;{}&#8221;][\/et_pb_divider][\/et_pb_column][\/et_pb_row][\/et_pb_section][et_pb_section fb_built=&#8221;1&#8243; _builder_version=&#8221;4.16&#8243; min_height=&#8221;107px&#8221; custom_margin=&#8221;||-55px|||&#8221; global_colors_info=&#8221;{}&#8221;][et_pb_row column_structure=&#8221;1_2,1_2&#8243; _builder_version=&#8221;4.16&#8243; global_colors_info=&#8221;{}&#8221;][et_pb_column type=&#8221;1_2&#8243; _builder_version=&#8221;4.16&#8243; global_colors_info=&#8221;{}&#8221;][et_pb_team_member name=&#8221;Dr. Arturo Edgar Zenteno Galindo&#8221; image_url=&#8221;http:\/\/biosensor.facmed.unam.mx\/tab\/wp-content\/uploads\/2024\/06\/edgar.png&#8221; _builder_version=&#8221;4.25.2&#8243; header_text_align=&#8221;left&#8221; global_colors_info=&#8221;{}&#8221;]<\/p>\n<p>Departamento de Bioqu\u00edmica, Facultad de Medicina. UNAM<\/p>\n<p>55 56232169<\/p>\n<p><a href=\"mailto:ezenteno@unam.mx\">ezenteno@unam.mx<\/a><\/p>\n<p>&nbsp;<\/p>\n<p>[\/et_pb_team_member][\/et_pb_column][et_pb_column type=&#8221;1_2&#8243; _builder_version=&#8221;4.16&#8243; global_colors_info=&#8221;{}&#8221;][et_pb_text _builder_version=&#8221;4.25.2&#8243; global_colors_info=&#8221;{}&#8221;]<\/p>\n<h2 style=\"text-align: center;\"><strong>Relevancia de la glicosilaci\u00f3n en los c\u00f3digos de comunicaci\u00f3n de la respuesta inmune <\/strong><\/h2>\n<p style=\"text-align: justify;\">La glicosilaci\u00f3n es una modificaci\u00f3n postraduccional de prote\u00ednas, l\u00edpidos o \u00e1cidos nucleicos, que puede modular las funciones biol\u00f3gicas de estas biomol\u00e9culas y su interacci\u00f3n con receptores espec\u00edficos presentes en grupos celulares. La respuesta inmune depende de la interacci\u00f3n de mol\u00e9culas de superficie entre linfocitos T y las c\u00e9lulas presentadoras de ant\u00edgeno. Tambi\u00e9n participan diversas mol\u00e9culas coestimuladoras, muchas de las cuales son glicoprote\u00ednas que modifican en su porci\u00f3n glicos\u00eddica, conforme al cambio en el fenotipo y funci\u00f3n celular. En este sentido, las mol\u00e9culas glicosiladas codifican informaci\u00f3n determinante en la maduraci\u00f3n, activaci\u00f3n y muerte celular que son procesos cr\u00edticos en la respuesta inmunol\u00f3gica. En este estudio pretendemos identificar la participaci\u00f3n e importancia de los glicanos en las principales mol\u00e9culas que forman parte de las interacciones de c\u00e9lulas de la respuesta inmune y algunas de las consecuencias biol\u00f3gicas en ausencia de dichos az\u00facares.<\/p>\n<h2 style=\"text-align: center;\"><\/h2>\n<p>[\/et_pb_text][\/et_pb_column][\/et_pb_row][et_pb_row _builder_version=&#8221;4.16&#8243; global_colors_info=&#8221;{}&#8221;][et_pb_column type=&#8221;4_4&#8243; _builder_version=&#8221;4.16&#8243; global_colors_info=&#8221;{}&#8221;][et_pb_divider _builder_version=&#8221;4.16&#8243; global_colors_info=&#8221;{}&#8221;][\/et_pb_divider][\/et_pb_column][\/et_pb_row][\/et_pb_section][et_pb_section fb_built=&#8221;1&#8243; _builder_version=&#8221;4.16&#8243; min_height=&#8221;107px&#8221; custom_margin=&#8221;||-55px|||&#8221; global_colors_info=&#8221;{}&#8221;][et_pb_row column_structure=&#8221;1_2,1_2&#8243; _builder_version=&#8221;4.16&#8243; global_colors_info=&#8221;{}&#8221;][et_pb_column type=&#8221;1_2&#8243; _builder_version=&#8221;4.16&#8243; global_colors_info=&#8221;{}&#8221;][et_pb_text _builder_version=&#8221;4.25.2&#8243; global_colors_info=&#8221;{}&#8221;]<\/p>\n<h2 style=\"text-align: center;\"><strong>Los receptores para el \u00e1cido lisofosfat\u00eddico: avances en el estudio del subtipo LPA<sub>3<\/sub><\/strong><strong><span class=\"fs18\"><\/span><\/strong><\/h2>\n<p style=\"text-align: justify;\">El \u00e1cido lisofosfat\u00eddico es un l\u00edpido simple, de bajo peso molecular, con una muy amplia distribuci\u00f3n en diversos \u00f3rganos, tejidos y fluidos. En condiciones normales se encuentra en concentraciones en el rango nanomolar, mientras que en condiciones patol\u00f3gicas puede alcanzar concentraciones micromolares. Adem\u00e1s de su papel en el metabolismo intermedio ejerce una gran gama de acciones participando en la homeostasis y en la fisiopatolog\u00eda de diversas enfermedades. En dichos efectos participan receptores acoplados a prote\u00ednas G conformando la familia de los receptores del \u00e1cido lisofosfat\u00eddico con ocho miembros, que se agrupan en dos subfamilias: los pertenecientes a los receptores para lisofosfol\u00edpidos (subtipos LPA<sub>1-3<\/sub>) y los relacionados a los receptores purin\u00e9rgicos (subtipos LPA<sub>4-8<\/sub>). En este trabajo nos enfocaremos principalmente a describir nuevos hallazgos sobre la regulaci\u00f3n del receptor LPA<sub>3<\/sub> involucrado en la fertilidad masculina y la implantaci\u00f3n embrionaria; as\u00ed como en la fisiopatolog\u00eda del c\u00e1ncer en etapas avanzadas, debido a que favorece procesos de migraci\u00f3n, proliferaci\u00f3n e invasi\u00f3n celular. El receptor para LPA<sub>3<\/sub> se fosforila al ser estimulado por su ligando end\u00f3geno y la activaci\u00f3n de prote\u00ednas cinasas moduladas por segundos mensajeros. Dicha fosforilaci\u00f3n es seguida por la interacci\u00f3n con las \u03b2-arrestinas y la consecuente desensibilizaci\u00f3n e internalizaci\u00f3n del receptor.\u00a0 Recientemente se pudo determinar que, en contraste con el receptor LPA<sub>1<\/sub>, sus acciones son mediadas por prote\u00ednas G insensibles a la toxina pertussis (probablemente Gq<sub>\/11<\/sub>). Adem\u00e1s, definimos los principales sitios espec\u00edficos donde se fosforila. Consideramos que estos hallazgos tienen relevancia pues ayudar\u00e1n a entender el funcionamiento molecular y la regulaci\u00f3n del receptor, adem\u00e1s de ayudar a la b\u00fasqueda de dianas farmacol\u00f3gicas para el tratamiento de algunas patolog\u00edas.<\/p>\n<p>&nbsp;<\/p>\n<h2 style=\"text-align: center;\"><\/h2>\n<p>[\/et_pb_text][\/et_pb_column][et_pb_column type=&#8221;1_2&#8243; _builder_version=&#8221;4.16&#8243; global_colors_info=&#8221;{}&#8221;][et_pb_team_member name=&#8221;Dr.  J. Adolfo Garc\u00eda-S\u00e1inz&#8221; image_url=&#8221;http:\/\/biosensor.facmed.unam.mx\/tab\/wp-content\/uploads\/2024\/06\/adolfo.png&#8221; _builder_version=&#8221;4.25.2&#8243; header_text_align=&#8221;left&#8221; global_colors_info=&#8221;{}&#8221;]<\/p>\n<p>Departamento de Biolog\u00eda Celular y Desarrollo, Instituto de Fisiolog\u00eda Celular, Universidad Nacional Aut\u00f3noma de M\u00e9xico.<\/p>\n<p>+52 (55) 5622 5613<\/p>\n<p><a href=\"mailto:agarcia@ifc.unam.mx\">agarcia@ifc.unam.mx<\/a><\/p>\n<p>[\/et_pb_team_member][\/et_pb_column][\/et_pb_row][et_pb_row _builder_version=&#8221;4.16&#8243; global_colors_info=&#8221;{}&#8221;][et_pb_column type=&#8221;4_4&#8243; _builder_version=&#8221;4.16&#8243; global_colors_info=&#8221;{}&#8221;][et_pb_divider _builder_version=&#8221;4.16&#8243; global_colors_info=&#8221;{}&#8221;][\/et_pb_divider][\/et_pb_column][\/et_pb_row][\/et_pb_section][et_pb_section fb_built=&#8221;1&#8243; _builder_version=&#8221;4.16&#8243; min_height=&#8221;107px&#8221; custom_margin=&#8221;||-55px|||&#8221; global_colors_info=&#8221;{}&#8221;][et_pb_row column_structure=&#8221;1_2,1_2&#8243; _builder_version=&#8221;4.16&#8243; global_colors_info=&#8221;{}&#8221;][et_pb_column type=&#8221;1_2&#8243; _builder_version=&#8221;4.16&#8243; global_colors_info=&#8221;{}&#8221;][et_pb_team_member name=&#8221;Ing. Aurey Galv\u00e1n-Lobato&#8221; image_url=&#8221;http:\/\/biosensor.facmed.unam.mx\/tab\/wp-content\/uploads\/2024\/06\/aurey.png&#8221; _builder_version=&#8221;4.25.2&#8243; header_text_align=&#8221;left&#8221; global_colors_info=&#8221;{}&#8221;]<\/p>\n<p>Instituto de Fisiolog\u00eda Celular, UNAM.<\/p>\n<p>555622 5636<\/p>\n<p><a href=\"mailto:agalvan@ifc.unam.mx\">agalvan@ifc.unam.mx<\/a>\u00a0 \u00a0<\/p>\n<p>[\/et_pb_team_member][\/et_pb_column][et_pb_column type=&#8221;1_2&#8243; _builder_version=&#8221;4.16&#8243; global_colors_info=&#8221;{}&#8221;][et_pb_text _builder_version=&#8221;4.25.2&#8243; global_colors_info=&#8221;{}&#8221;]<\/p>\n<h2 style=\"text-align: center;\"><strong>Una vista general y consejos pr\u00e1cticos para el buen manejo y cuidado de micropipetas de desplazamiento de aire<\/strong><\/h2>\n<p style=\"text-align: justify;\">Una herramienta b\u00e1sica en los laboratorios de investigaci\u00f3n es la micropipeta de desplazamiento de aire, que nos da la posibilidad de medir de manera exacta y repetible vol\u00famenes muy peque\u00f1os de l\u00edquidos que generalmente son cr\u00edticos para obtener los resultados deseados, de tal manera que mantener esta herramienta en las mejores condiciones de funcionamiento nos permite eliminar elementos que pudieran introducir errores y desviarnos de la respuesta correcta. Conservar nuestras micropipetas en buenas condiciones requiere tan solo de dedicarles un poco de tiempo a la semana que nos va a ayudar a alargar su vida \u00fatil. Econ\u00f3micamente vamos a tener un ahorro porque las refacciones y los servicios de mantenimiento generan gastos y tiempos muertos para la realizaci\u00f3n de los experimentos, hay que tomar en cuenta que, como cualquier equipo, requiere de cuidados que incluyen un mantenimiento donde el uso adecuado y otros factores como la limpieza, la protecci\u00f3n contra ambientes que pudieran da\u00f1arlas y cuando no est\u00e9n en uso mantenerlas en un lugar donde puedan almacenarse correctamente, son esenciales. Existen en el mercado varias marcas de micropipetas, Gilson, Rainin, Eppendorf, Biohit, Labsystems, entre muchas otras, todas estas marcas manejan modelos para diferentes vol\u00famenes y sus mecanismos de funcionamiento para el pipeteo son muy parecidos sino es que iguales, todas son excelentes marcas, y todas requieren cuidado y mantenimiento constante.<\/p>\n<p>[\/et_pb_text][\/et_pb_column][\/et_pb_row][et_pb_row _builder_version=&#8221;4.16&#8243; global_colors_info=&#8221;{}&#8221;][et_pb_column type=&#8221;4_4&#8243; _builder_version=&#8221;4.16&#8243; global_colors_info=&#8221;{}&#8221;][et_pb_divider _builder_version=&#8221;4.16&#8243; global_colors_info=&#8221;{}&#8221;][\/et_pb_divider][\/et_pb_column][\/et_pb_row][\/et_pb_section][et_pb_section fb_built=&#8221;1&#8243; _builder_version=&#8221;4.16&#8243; min_height=&#8221;107px&#8221; custom_margin=&#8221;||-55px|||&#8221; global_colors_info=&#8221;{}&#8221;][et_pb_row column_structure=&#8221;1_2,1_2&#8243; _builder_version=&#8221;4.16&#8243; global_colors_info=&#8221;{}&#8221;][et_pb_column type=&#8221;1_2&#8243; _builder_version=&#8221;4.16&#8243; global_colors_info=&#8221;{}&#8221;][et_pb_text _builder_version=&#8221;4.25.2&#8243; global_colors_info=&#8221;{}&#8221;]<\/p>\n<h2 style=\"text-align: center;\"><strong>Participaci\u00f3n de la senescencia celular en la neuroinflamaci\u00f3n y el deterioro cognitivo durante la obesidad: el uso de senol\u00edticos y senom\u00f3rficos como terapia preventiva<\/strong><\/h2>\n<p style=\"text-align: justify;\">La acumulaci\u00f3n de c\u00e9lulas senescentes con la edad se ha reconocido como uno de los marcadores celulares del envejecimiento. Actualmente existen principalmente dos enfoques senoterap\u00e9uticos para contender con la acumulaci\u00f3n de c\u00e9lulas senescentes: los senol\u00edticos, que promueven su muerte, y los senom\u00f3rficos, que modifican el perfil de secreci\u00f3n de estas c\u00e9lulas para reducir su impacto negativo. Mol\u00e9culas como el Dasatinib y la Quercetina (D+Q) han sido reposicionadas como senol\u00edticos y han mostrado resultados prometedores en modelos animales y estudios piloto en humanos. Entre los senom\u00f3rficos destaca el sulforafano (SFN), que es extra\u00eddo de vegetales cruc\u00edferos.<\/p>\n<p style=\"text-align: justify;\">En nuestro laboratorio se encontr\u00f3 que el tratamiento de cultivos primarios de astrocitos senescentes con SFN modifica su perfil secretor hacia uno menos inflamatorio, apoyando su potencial para mejorar el microambiente celular en el cerebro. Esto se comprob\u00f3 al tratar a ratas Wistar de ambos sexos y diferentes edades con SFN, encontrando una protecci\u00f3n del rendimiento cognitivo y una disminuci\u00f3n de los marcadores inflamatorios, oxidantes y de senescencia, pero solo en ratas de mediana edad (15 meses). El SFN no revirti\u00f3 el da\u00f1o en ratas viejas (21 meses).<\/p>\n<p style=\"text-align: justify;\">Al estudiar el impacto de una dieta hipercal\u00f3rica en ratas Wistar hembras de mediana edad, encontramos que la obesidad inducida aumenta la neuroinflamaci\u00f3n y la senescencia en \u00e1reas cerebrales clave, lo que lleva a un deterioro cognitivo. Al tratar a esas ratas con los senoterape\u00faticos (D+Q o SFN) por dos meses (de los 12 a los 14) encontramos que D+Q no evitaron dicho deterioro cognitivo, pero SFN si lo previno, adem\u00e1s disminuy\u00f3 la inflamaci\u00f3n. Interesantemente, D+Q incrementaron la neuroinflamaci\u00f3n en ratas alimentadas con dieta est\u00e1ndar, lo que indica potenciales efectos adversos. Actualmente, continuamos evaluando los efectos de ambos tratamientos en la permeabilidad de la barrera hematoencef\u00e1lica y la eliminaci\u00f3n de c\u00e9lulas senescentes en el cerebro.<\/p>\n<p style=\"text-align: justify;\">\n<h2 style=\"text-align: justify;\"><\/h2>\n<p>[\/et_pb_text][\/et_pb_column][et_pb_column type=&#8221;1_2&#8243; _builder_version=&#8221;4.16&#8243; global_colors_info=&#8221;{}&#8221;][et_pb_team_member name=&#8221;Dra. Mina K\u00f6nigsberg Fainstein&#8221; image_url=&#8221;http:\/\/biosensor.facmed.unam.mx\/tab\/wp-content\/uploads\/2024\/06\/mina.png&#8221; _builder_version=&#8221;4.25.2&#8243; header_text_align=&#8221;left&#8221; global_colors_info=&#8221;{}&#8221;]<\/p>\n<p>Departamento de Ciencias de la Salud, Universidad Aut\u00f3noma Metropolitana, Unidad Iztapalapa.<\/p>\n<p>55 5804 4600, Ext. 3662<\/p>\n<p><a href=\"mailto:mkf@xanum.uam.mx\">mkf@xanum.uam.mx<\/a><\/p>\n<p>&nbsp;<\/p>\n<p>[\/et_pb_team_member][\/et_pb_column][\/et_pb_row][et_pb_row _builder_version=&#8221;4.16&#8243; global_colors_info=&#8221;{}&#8221;][et_pb_column type=&#8221;4_4&#8243; _builder_version=&#8221;4.16&#8243; global_colors_info=&#8221;{}&#8221;][et_pb_divider _builder_version=&#8221;4.16&#8243; global_colors_info=&#8221;{}&#8221;][\/et_pb_divider][\/et_pb_column][\/et_pb_row][et_pb_row column_structure=&#8221;1_2,1_2&#8243; _builder_version=&#8221;4.16&#8243; global_colors_info=&#8221;{}&#8221;][et_pb_column type=&#8221;1_2&#8243; _builder_version=&#8221;4.16&#8243; global_colors_info=&#8221;{}&#8221;][et_pb_team_member name=&#8221;Dra. Alicia Ortega Aguilar&#8221; image_url=&#8221;http:\/\/biosensor.facmed.unam.mx\/tab\/wp-content\/uploads\/2024\/06\/alicia.png&#8221; _builder_version=&#8221;4.25.2&#8243; header_text_align=&#8221;left&#8221; global_colors_info=&#8221;{}&#8221;]<\/p>\n<p>Departamento de Bioqu\u00edmica, Facultad de Medicina, UNAM.<\/p>\n<p>5556232253<\/p>\n<p>aortega@unam.mx<\/p>\n<p>[\/et_pb_team_member][\/et_pb_column][et_pb_column type=&#8221;1_2&#8243; _builder_version=&#8221;4.16&#8243; global_colors_info=&#8221;{}&#8221;][et_pb_text _builder_version=&#8221;4.25.2&#8243; global_colors_info=&#8221;{}&#8221;]<\/p>\n<h2 style=\"text-align: center;\"><strong>M\u00fasculo esquel\u00e9tico una fuente clave de olig\u00f3meros de <\/strong><strong>\u00e1<\/strong><strong>-sinucle\u00edna en el envejecimiento. Nuevo paradigma en la Enfermedad de Parkinson<\/strong><\/h2>\n<p style=\"text-align: justify;\">La alfa sinucle\u00edna (\u03b1SN) es una prote\u00edna de 140aa, que forma olig\u00f3meros estables en las membranas de varios sistemas celulares. La \u03b1SN agregada se ha asociado con enfermedades neurodegenerativas como la Enfermedad de Parkinson, la demencia por cuerpos de Lewy, entre otras. Sin embargo, tambi\u00e9n se ha encontrado en m\u00fasculo en la Miositis espor\u00e1dica por cuerpos de Inclusi\u00f3n, todas patolog\u00edas asociadas al envejecimiento. En este trabajo estudiamos la presencia y distribuci\u00f3n de \u03b1SN en membranas de superficie; Sarcolema (SL) y T\u00fabulos transversos (TT) aislados de m\u00fasculo esquel\u00e9tico proveniente de ratas j\u00f3venes y viejas. Nuestros resultados demuestran que la \u03b1SN est\u00e1 presente en el m\u00fasculo esquel\u00e9tico (ME) de animales j\u00f3venes y viejos siendo m\u00e1s abundante en los animales viejos. La \u03b1SN se encuentra principalmente en forma monom\u00e9rica en el citoplasma y oligom\u00e9rica (tetr\u00e1meros y pent\u00e1meros) en las membranas, localiz\u00e1ndose fuera de los micro dominios lip\u00eddicos \u201cbalsas lip\u00eddicas\u201d. Los TT, conocidos por contener una abundante concentraci\u00f3n de colesterol presentan menos \u03b1SN, por lo que una disminuci\u00f3n de la concentraci\u00f3n de colesterol permite una mayor localizaci\u00f3n de los olig\u00f3meros de \u03b1SN en esta fracci\u00f3n membranal. La \u03b1SN, es secretada por el m\u00fasculo en reposo en mayor cantidad en los animales viejos. En conclusi\u00f3n, nuestros resultados indican que la \u03b1SN oligom\u00e9rica est\u00e1 presente en los m\u00fasculos de los animales sanos y se potenc\u00eda durante el envejecimiento. La presencia de colesterol previene la asociaci\u00f3n de la \u03b1SN a las membranas. Lo anterior sugiere que una alteraci\u00f3n en la concentraci\u00f3n de colesterol membranal pudiera conducir a una coexistencia desacoplada de estos olig\u00f3meros en la membrana, facilitando la expulsi\u00f3n de \u03b1SN del tejido m\u00e1s abundante de los vertebrados al espacio extracelular, convirti\u00e9ndose en la fuente m\u00e1s abundante de \u03b1SN en la sangre lo que al atravesar la barrera hematoencef\u00e1lica pudiera estar involucrada en las enfermedades neurodegenerativas.<\/p>\n<p>[\/et_pb_text][\/et_pb_column][\/et_pb_row][et_pb_row _builder_version=&#8221;4.16&#8243; global_colors_info=&#8221;{}&#8221;][et_pb_column type=&#8221;4_4&#8243; _builder_version=&#8221;4.16&#8243; global_colors_info=&#8221;{}&#8221;][et_pb_divider _builder_version=&#8221;4.16&#8243; global_colors_info=&#8221;{}&#8221;][\/et_pb_divider][\/et_pb_column][\/et_pb_row][et_pb_row column_structure=&#8221;1_2,1_2&#8243; _builder_version=&#8221;4.16&#8243; global_colors_info=&#8221;{}&#8221;][et_pb_column type=&#8221;1_2&#8243; _builder_version=&#8221;4.16&#8243; global_colors_info=&#8221;{}&#8221;][et_pb_text _builder_version=&#8221;4.25.2&#8243; global_colors_info=&#8221;{}&#8221;]<\/p>\n<h2 style=\"text-align: center;\"><strong>Complementaci\u00f3n metab\u00f3lica con el microbioma en condiciones de \u00e9stres nutrimental, lecciones desde las plantas<\/strong><\/h2>\n<p style=\"text-align: justify;\">La microbiolog\u00eda ambiental no es nueva, inici\u00f3 desde finales del siglo XIX, la novedad es la secuenciaci\u00f3n masiva a principios del siglo XXI en el campo, revel\u00e1ndonos la vasta diversidad bacteriana que a\u00fan desconocemos. Enfatizamos la importancia de estudiar los microbiomas en estados de salud y c\u00f3mo podemos explorar aspectos cruciales de la interacci\u00f3n hu\u00e9sped-bacteria mediante el estudio de las plantas y sus ra\u00edces, considerados los ecosistemas m\u00e1s biodiversos del planeta con un inmenso reservorio gen\u00e9tico que continuamente nos sorprende con nuevos genes. Exploraremos ejemplos de nuestro trabajo sobre el impacto de factores bi\u00f3ticos y abi\u00f3ticos en la estructuraci\u00f3n del microbioma, los genes implicados en la simbiosis, y enfoques evolutivos para identificar un conjunto m\u00ednimo de interacciones planta-bacteria. Discutiremos c\u00f3mo se han modelado estas interacciones y c\u00f3mo un fenotipo favorable en el hospedero puede vincularse a comunidades microbianas espec\u00edficas. Los genes de los microbiomas pueden complementar las funciones metab\u00f3licas de sus hospederos. Finalmente, debatiremos la relevancia de conectar la diversidad microbiana de los ambientes naturales con bacterias que pueden desempe\u00f1ar roles duales, siendo pat\u00f3genos en ciertos organismos mientras act\u00faan como simbiontes en otros contextos. Este conocimiento es crucial para enfoques de Una Salud, pues lo que aprendemos de estas interacciones podr\u00eda ser significativo para la gesti\u00f3n desde el ecosistema hasta la cl\u00ednica de estas bacterias.<\/p>\n<p>[\/et_pb_text][\/et_pb_column][et_pb_column type=&#8221;1_2&#8243; _builder_version=&#8221;4.16&#8243; global_colors_info=&#8221;{}&#8221;][et_pb_team_member name=&#8221;Dr. Luis D. Alcaraz&#8221; image_url=&#8221;http:\/\/biosensor.facmed.unam.mx\/tab\/wp-content\/uploads\/2024\/06\/luis.png&#8221; _builder_version=&#8221;4.25.2&#8243; header_text_align=&#8221;left&#8221; global_colors_info=&#8221;{}&#8221;]<\/p>\n<p>Laboratorio de Gen\u00f3mica Ambiental, Departamento de Biolog\u00eda Celular, Facultad de Ciencias, Universidad Nacional Aut\u00f3noma de M\u00e9xico.<\/p>\n<p>+52 (55) 55 5622-8222 ext. 44704<\/p>\n<p><a href=\"mailto:lalcaraz@ciencias.unam.mx\">lalcaraz@ciencias.unam.mx<\/a><\/p>\n<p>&nbsp;<\/p>\n<p>[\/et_pb_team_member][\/et_pb_column][\/et_pb_row][et_pb_row _builder_version=&#8221;4.16&#8243; global_colors_info=&#8221;{}&#8221;][et_pb_column type=&#8221;4_4&#8243; _builder_version=&#8221;4.16&#8243; global_colors_info=&#8221;{}&#8221;][et_pb_divider _builder_version=&#8221;4.16&#8243; global_colors_info=&#8221;{}&#8221;][\/et_pb_divider][\/et_pb_column][\/et_pb_row][et_pb_row column_structure=&#8221;1_2,1_2&#8243; _builder_version=&#8221;4.16&#8243; global_colors_info=&#8221;{}&#8221;][et_pb_column type=&#8221;1_2&#8243; _builder_version=&#8221;4.16&#8243; global_colors_info=&#8221;{}&#8221;][et_pb_team_member name=&#8221;Dra. Mariana Peimbert&#8221; image_url=&#8221;http:\/\/biosensor.facmed.unam.mx\/tab\/wp-content\/uploads\/2024\/06\/mariana.png&#8221; _builder_version=&#8221;4.25.2&#8243; header_text_align=&#8221;left&#8221; global_colors_info=&#8221;{}&#8221;]<\/p>\n<p>Departamento de Ciencias Naturales, Universidad Aut\u00f3noma Metropolitana, Unidad Cuajimalpa.<\/p>\n<p>555814 6500, Ext. 3875<\/p>\n<p><a href=\"mailto:mpeimbert@cua.uam.mx\">mpeimbert@cua.uam.mx<\/a><\/p>\n<p>[\/et_pb_team_member][\/et_pb_column][et_pb_column type=&#8221;1_2&#8243; _builder_version=&#8221;4.16&#8243; global_colors_info=&#8221;{}&#8221;][et_pb_text _builder_version=&#8221;4.25.2&#8243; global_colors_info=&#8221;{}&#8221;]<\/p>\n<h2 style=\"text-align: center;\"><strong>Microbiomas del metro, un viaje por los trenes urbanos del mundo<\/strong><\/h2>\n<p style=\"text-align: justify;\">Los estudios de los microbiomas en sistemas de metro han revelado una rica biodiversidad microbiana, que refleja la compleja interacci\u00f3n entre los humanos y su entorno urbano. Estos estudios, posibilitados por el avance en tecnolog\u00edas de secuenciaci\u00f3n y an\u00e1lisis microbiol\u00f3gico, han mostrado que los sistemas de metro albergan principalmente microorganismos procedentes de la piel humana, y algunos otros del entorno ambiental. Estas investigaciones han evidenciado la rapidez y dinamismo con que se establecen y cambian los microbiomas en estos espacios, destacando el papel de los sistemas de metro (trenes urbanos) en la transmisi\u00f3n microbiana y su posible participaci\u00f3n en la salud p\u00fablica. Adem\u00e1s, la presencia de genes de resistencia a antibi\u00f3ticos muestra que los sistemas de metro son un reflejo de las pr\u00e1cticas sanitarias y los h\u00e1bitos de vida de la poblaci\u00f3n urbana. Las investigaciones en este campo han abierto importantes interrogantes sobre la viabilidad y actividad metab\u00f3lica de estos microorganismos, as\u00ed como sobre la presencia y relevancia de pat\u00f3genos en estos entornos.<\/p>\n<p>[\/et_pb_text][\/et_pb_column][\/et_pb_row][et_pb_row _builder_version=&#8221;4.16&#8243; global_colors_info=&#8221;{}&#8221;][et_pb_column type=&#8221;4_4&#8243; _builder_version=&#8221;4.16&#8243; global_colors_info=&#8221;{}&#8221;][et_pb_divider _builder_version=&#8221;4.16&#8243; global_colors_info=&#8221;{}&#8221;][\/et_pb_divider][\/et_pb_column][\/et_pb_row][et_pb_row column_structure=&#8221;1_2,1_2&#8243; _builder_version=&#8221;4.16&#8243; global_colors_info=&#8221;{}&#8221;][et_pb_column type=&#8221;1_2&#8243; _builder_version=&#8221;4.16&#8243; global_colors_info=&#8221;{}&#8221;][et_pb_text _builder_version=&#8221;4.25.2&#8243; global_colors_info=&#8221;{}&#8221;]<\/p>\n<h2 style=\"text-align: center;\"><strong>El arte de aprender <\/strong><\/h2>\n<p style=\"text-align: justify;\">Diversos enfoques psicopedag\u00f3gicos universitarios se han concentrado en mejorar la capacidad del estudiante para aprender a aprender. El prop\u00f3sito es que el estudiante participe activamente en la construcci\u00f3n de su propio conocimiento, basado en sus experiencias, para que pueda desarrollarse en el uso y aplicaci\u00f3n de este conocimiento de forma aut\u00f3noma en diferentes escenarios.<\/p>\n<p style=\"text-align: justify;\">La habilidad de aprender a aprender no solo implica el desarrollo de aspectos cognitivos, es decir, capacidades que permiten al estudiante comprender y regular sus propios procesos de aprendizaje, sino que tambi\u00e9n requiere actitudes, como la disposici\u00f3n a reconocer los errores como parte del proceso de aprendizaje.<\/p>\n<p style=\"text-align: justify;\">El concepto de aprender a aprender se manifiesta en diversas formas. Una de ellas se evidencia cuando el estudiante es consciente tanto del proceso que lo condujo a formular un nuevo conocimiento y logra su correlaci\u00f3n con otros conocimientos previos y de la manera en que puede optimizar su proceso de aprendizaje (metacognici\u00f3n). Este tipo de autoconocimiento se centra en la reflexi\u00f3n sobre el propio pensamiento, tomando consciencia de los procesos mentales implicados en aprender.<\/p>\n<p style=\"text-align: justify;\">En este sentido, el estudiante establece metas claras, reconoce sus logros y dificultades, valora los resultados alcanzados siendo capaz de detectar y corregir sus errores. Si bien es un proceso multidimensional, se puede reconocer un componente intr\u00ednseco (propio del estudiante) y otro extr\u00ednseco, donde los docentes podemos incidir mediante diversas estrategias pedag\u00f3gicas.<\/p>\n<p style=\"text-align: justify;\">El presente trabajo muestra un breve recorrido por este vasto tema para que alumnos o docentes, perfeccionemos el arte de aprender.<\/p>\n<p>&nbsp;<\/p>\n<p>[\/et_pb_text][\/et_pb_column][et_pb_column type=&#8221;1_2&#8243; _builder_version=&#8221;4.16&#8243; global_colors_info=&#8221;{}&#8221;][et_pb_team_member name=&#8221;Dra. Diana Sesma Castro&#8221; image_url=&#8221;http:\/\/biosensor.facmed.unam.mx\/tab\/wp-content\/uploads\/2024\/06\/diana.png&#8221; _builder_version=&#8221;4.25.2&#8243; header_text_align=&#8221;left&#8221; global_colors_info=&#8221;{}&#8221;]<\/p>\n<p>Secretar\u00eda de Educaci\u00f3n M\u00e9dica, Unidad de Desarrollo Acad\u00e9mico, Facultad de Medicina, UNAM<\/p>\n<p>55 5623 2475<\/p>\n<p><a href=\"mailto:dianasesma@facmed.unam.mx\">dianasesma@facmed.unam.mx<\/a><\/p>\n<p>&nbsp;<\/p>\n<p>[\/et_pb_team_member][\/et_pb_column][\/et_pb_row][et_pb_row _builder_version=&#8221;4.16&#8243; global_colors_info=&#8221;{}&#8221;][et_pb_column type=&#8221;4_4&#8243; _builder_version=&#8221;4.16&#8243; global_colors_info=&#8221;{}&#8221;][et_pb_divider _builder_version=&#8221;4.16&#8243; global_colors_info=&#8221;{}&#8221;][\/et_pb_divider][\/et_pb_column][\/et_pb_row][et_pb_row column_structure=&#8221;1_2,1_2&#8243; _builder_version=&#8221;4.16&#8243; global_colors_info=&#8221;{}&#8221;][et_pb_column type=&#8221;1_2&#8243; _builder_version=&#8221;4.16&#8243; global_colors_info=&#8221;{}&#8221;][et_pb_team_member name=&#8221;I.Q.I. Silvia Andrade Canto&#8221; image_url=&#8221;http:\/\/biosensor.facmed.unam.mx\/tab\/wp-content\/uploads\/2024\/06\/silvia.png&#8221; _builder_version=&#8221;4.25.2&#8243; header_text_align=&#8221;left&#8221; global_colors_info=&#8221;{}&#8221;]<\/p>\n<p>Centro de Investigaci\u00f3n Cient\u00edfica de Yucat\u00e1n, A.C. (CICY).<\/p>\n<p>silvana74@gmail.com<\/p>\n<p>Facebook: <a href=\"https:\/\/www.facebook.com\/lunapapa.silvia.andrade\">https:\/\/www.facebook.com\/lunapapa.silvia.andrade<\/a>\u00a0<\/p>\n<p>Instagram: <a href=\"https:\/\/www.instagram.com\/silvia_andrade\/\">https:\/\/www.instagram.com\/silvia_andrade\/<\/a>\u00a0<\/p>\n<p>Website: <a href=\"https:\/\/silvia-andrade.format.com\/cad99f7417-gallery\">https:\/\/silvia-andrade.format.com\/cad99f7417-gallery<\/a>\u00a0<\/p>\n<p>[\/et_pb_team_member][\/et_pb_column][et_pb_column type=&#8221;1_2&#8243; _builder_version=&#8221;4.16&#8243; global_colors_info=&#8221;{}&#8221;][et_pb_text _builder_version=&#8221;4.25.2&#8243; global_colors_info=&#8221;{}&#8221;]<\/p>\n<h2 style=\"text-align: center;\"><strong>Micrograf\u00eda: el arte de observar la naturaleza a trav\u00e9s de un <\/strong><strong>microscopio <\/strong><\/h2>\n<p style=\"text-align: justify;\">Silvia Andrade Canto es Ingeniera Qu\u00edmica Industrial, se especializa en 2004 en el \u00e1rea de microscopia electr\u00f3nica de barrido al mismo tiempo inicia sus estudios de fotograf\u00eda en los talleres de artes visuales de la Universidad Aut\u00f3noma de Yucat\u00e1n, a partir de esa fecha ella contin\u00faa cursando diversos talleres y cursos de fotograf\u00eda y arte con personalidades con David Adamson, Gerardo Montiel Klimt, Armando Sa\u00e9nz Carrillo, Ernesto Baz\u00e1n, Pedro Tzontemoc entre otros.<\/p>\n<p>&nbsp;<\/p>\n<p>[\/et_pb_text][\/et_pb_column][\/et_pb_row][et_pb_row _builder_version=&#8221;4.16&#8243; global_colors_info=&#8221;{}&#8221;][et_pb_column type=&#8221;4_4&#8243; _builder_version=&#8221;4.16&#8243; global_colors_info=&#8221;{}&#8221;][et_pb_divider _builder_version=&#8221;4.16&#8243; global_colors_info=&#8221;{}&#8221;][\/et_pb_divider][\/et_pb_column][\/et_pb_row][\/et_pb_section]<\/p>\n","protected":false},"excerpt":{"rendered":"<p>Ponentes TAB 2024Departamento de Bioqu\u00edmica, Facultad de Medicina, UNAM Julio 2024 &nbsp;Ponentes 2024Tel\u00e9fono: 55 5622 5657 ruy@ifc.unam.mx &nbsp; ChatGPT: Un vistazo personal a esta Inteligencia Artificial Este art\u00edculo relata mis experiencias personales con ChatGPT desde que fue accesible p\u00fablicamente. Inicialmente ignor\u00e9 su lanzamiento en noviembre de 2022, pero tras leer sobre la herramienta y su [&hellip;]<\/p>\n","protected":false},"author":1,"featured_media":0,"parent":0,"menu_order":0,"comment_status":"closed","ping_status":"closed","template":"","meta":{"_et_pb_use_builder":"on","_et_pb_old_content":"","_et_gb_content_width":"","footnotes":""},"class_list":["post-2006","page","type-page","status-publish","hentry"],"_links":{"self":[{"href":"https:\/\/biosensor.facmed.unam.mx\/tab\/index.php\/wp-json\/wp\/v2\/pages\/2006","targetHints":{"allow":["GET"]}}],"collection":[{"href":"https:\/\/biosensor.facmed.unam.mx\/tab\/index.php\/wp-json\/wp\/v2\/pages"}],"about":[{"href":"https:\/\/biosensor.facmed.unam.mx\/tab\/index.php\/wp-json\/wp\/v2\/types\/page"}],"author":[{"embeddable":true,"href":"https:\/\/biosensor.facmed.unam.mx\/tab\/index.php\/wp-json\/wp\/v2\/users\/1"}],"replies":[{"embeddable":true,"href":"https:\/\/biosensor.facmed.unam.mx\/tab\/index.php\/wp-json\/wp\/v2\/comments?post=2006"}],"version-history":[{"count":0,"href":"https:\/\/biosensor.facmed.unam.mx\/tab\/index.php\/wp-json\/wp\/v2\/pages\/2006\/revisions"}],"wp:attachment":[{"href":"https:\/\/biosensor.facmed.unam.mx\/tab\/index.php\/wp-json\/wp\/v2\/media?parent=2006"}],"curies":[{"name":"wp","href":"https:\/\/api.w.org\/{rel}","templated":true}]}}